{"id":156,"date":"2023-02-22T22:47:34","date_gmt":"2023-02-22T22:47:34","guid":{"rendered":"https:\/\/softpower.world\/?page_id=156"},"modified":"2026-04-22T09:49:17","modified_gmt":"2026-04-22T09:49:17","slug":"info","status":"publish","type":"page","link":"https:\/\/softpower.world\/de\/info\/","title":{"rendered":"Information"},"content":{"rendered":"<div id=\"modal-ready\">\n<div id=\"ueber\" class=\"wp-block-group col-6 p-4 bg-white ueber shadow-lg\"><div class=\"wp-block-group__inner-container is-layout-constrained wp-block-group-is-layout-constrained\">\n<h2 class=\"wp-block-heading pb-2\">\u00dcber soft power<\/h2>\n\n\n\n<p> <br><em>soft power <\/em>ist ein Kunstverein und Ort f\u00fcr nicht-kommerzielle k\u00fcnstlerische Projekte. Konzeptuell eignet sich <em>soft power<\/em> einen politischen Begriff an, der den Einfluss von Kultur und Kunst (als sogenanntes \u201eweiches\u201c Kapital) auf Politik und Wirtschaft beschreibt und benutzt. Das laufende Programm ist geleitet von der Fragestellung, wie dieser Begriff produktiv unterwandert, herausgefordert und dessen Potenzial aus diversen k\u00fcnstlerischen Perspektiven angeeignet werden kann. Die wachsende Anzahl an Mitgliedern des Kunstvereins unterst\u00fctzt unsere Arbeit und wird aktiv in die Programmgestaltung einbezogen.<\/p>\n\n\n\n<p>K\u00fcnstlerische Leitung (seit Oktober 2024): <a class=\"modal-link\" href=\"https:\/\/softpower.world\/info\/linnea-bake\/\">Linn\u00e9a Bake<\/a> und <a class=\"modal-link\" href=\"https:\/\/softpower.world\/info\/eva-herrmann\/\">Eva Herrmann<\/a><\/p>\n\n\n\n<p>Gr\u00fcndungsmitglieder und k\u00fcnstlerische Leitung (bis September 2024): Linn\u00e9a Bake, Eva Herrmann, Melissa L\u00fccking und Donna Volta Newmen<\/p>\n<\/div><\/div>\n\n\n\n<div id=\"ueber-bild\" class=\"wp-block-group ueber-bild to-front shadow-lg\"><div class=\"wp-block-group__inner-container is-layout-constrained wp-block-group-is-layout-constrained\">\n<figure class=\"wp-block-image size-large\"><noscript><img decoding=\"async\" width=\"683\" height=\"1024\" src=\"https:\/\/softpower.world\/wp-content\/uploads\/2023\/03\/soft_power_ueber-683x1024.jpg\" alt class=\"wp-image-536\" title srcset=\"https:\/\/softpower.world\/wp-content\/uploads\/2023\/03\/soft_power_ueber-683x1024.jpg 683w, https:\/\/softpower.world\/wp-content\/uploads\/2023\/03\/soft_power_ueber-200x300.jpg 200w, https:\/\/softpower.world\/wp-content\/uploads\/2023\/03\/soft_power_ueber-768x1152.jpg 768w, https:\/\/softpower.world\/wp-content\/uploads\/2023\/03\/soft_power_ueber-8x12.jpg 8w, https:\/\/softpower.world\/wp-content\/uploads\/2023\/03\/soft_power_ueber.jpg 872w\" sizes=\"(max-width: 683px) 100vw, 683px\"><\/noscript><img decoding=\"async\" width=\"683\" height=\"1024\" src=\"data:image\/svg+xml,%3Csvg%20xmlns%3D%22http%3A%2F%2Fwww.w3.org%2F2000%2Fsvg%22%20viewBox%3D%220%200%20683%201024%22%3E%3C%2Fsvg%3E\" alt class=\"wp-image-536 lazyload\" title srcset=\"data:image\/svg+xml,%3Csvg%20xmlns%3D%22http%3A%2F%2Fwww.w3.org%2F2000%2Fsvg%22%20viewBox%3D%220%200%20683%201024%22%3E%3C%2Fsvg%3E 683w\" sizes=\"(max-width: 683px) 100vw, 683px\" data-srcset=\"https:\/\/softpower.world\/wp-content\/uploads\/2023\/03\/soft_power_ueber-683x1024.jpg 683w, https:\/\/softpower.world\/wp-content\/uploads\/2023\/03\/soft_power_ueber-200x300.jpg 200w, https:\/\/softpower.world\/wp-content\/uploads\/2023\/03\/soft_power_ueber-768x1152.jpg 768w, https:\/\/softpower.world\/wp-content\/uploads\/2023\/03\/soft_power_ueber-8x12.jpg 8w, https:\/\/softpower.world\/wp-content\/uploads\/2023\/03\/soft_power_ueber.jpg 872w\" data-src=\"https:\/\/softpower.world\/wp-content\/uploads\/2023\/03\/soft_power_ueber-683x1024.jpg\" loading=\"lazy\"><\/figure>\n<\/div><\/div>\n\n\n\n<div id=\"instagram\" class=\"wp-block-group d-none col-3 p-4 bg-white instagram to-front shadow-lg\"><div class=\"wp-block-group__inner-container is-layout-constrained wp-block-group-is-layout-constrained\">\n<h2 class=\"wp-block-heading pb-2\">Instagram<\/h2>\n\n\n\n<p>Folge <a href=\"https:\/\/www.instagram.com\/softpowerverysoft\/\" target=\"_blank\" rel=\"noreferrer noopener\">@softpowerverysoft<\/a> auf Instagram<\/p>\n<\/div><\/div>\n\n\n\n<div id=\"haltung\" class=\"wp-block-group col-3 p-4 bg-white haltung to-front shadow-lg\"><div class=\"wp-block-group__inner-container is-layout-constrained wp-block-group-is-layout-constrained\">\n<h2 class=\"wp-block-heading pb-2\">Haltung<\/h2>\n\n\n\n<p class=\"d-none\"><s>Als wachsende Organisation arbeiten wir fortlaufend an der Etablierung, Weiterentwicklung und Durchsetzung unserer institutionellen Haltung und Prinzipien. soft<em> <\/em>power<em> <\/em>begreift sich als <a onclick=\"pageDetails('1276');\" href=\"#haltung\">nicht-kommerzieller und unabh\u00e4ngiger Raum<\/a> f\u00fcr k\u00fcnstlerische Projekte. Dabei ist es uns ein gro\u00dfes Anliegen, interne Strukturen und Arbeitsweisen zunehmend <a onclick=\"pageDetails('1278');\" href=\"#haltung\">transparent<\/a> nach au\u00dfen zu tragen, um \u00fcber uns selbst hinaus auf oftmals prek\u00e4re Arbeitsverh\u00e4ltnisse im kulturellen Sektor hinzuweisen. Es ist unser Ziel, strukturelle Missst\u00e4nde als Organisation nicht nur zu thematisieren, sondern, etwa durch unsere institutionelle Haltung in Bezug auf <a onclick=\"pageDetails('1280');\" href=\"#haltung\">Verg\u00fctung<\/a>, auch zu deren \u00dcberwindung beizutragen. In diesem sowie jeglichen anderen Zusammenh\u00e4ngen richten wir uns <a onclick=\"pageDetails('1282');\" href=\"#haltung\">gegen jegliche Form der Diskriminierung<\/a>, sei es strukturelle oder individuelle Ungleichbehandlung. Als Kunstverein, Ausstellungs- und Arbeitsort m\u00f6chten wir ein Umfeld gestalten, in dem ein respektvoller, gleichberechtigter und bereichernder Umgang miteinander stattfinden kann.<\/s><\/p>\n\n\n\n<p>Als wachsende Organisation arbeiten wir fortlaufend an der Etablierung, Weiterentwicklung und Durchsetzung unserer institutionellen Haltung und Prinzipien. Wir sind ein <a class=\"modal-link\" href=\"https:\/\/softpower.world\/info\/nicht-kommerzieller-und-unabhaengiger-raum\/\">nicht-kommerzieller und unabh\u00e4ngiger Raum<\/a> f\u00fcr k\u00fcnstlerische Projekte. Dabei ist es uns ein gro\u00dfes Anliegen, interne Strukturen und Arbeitsweisen zunehmend <a class=\"modal-link\" href=\"https:\/\/softpower.world\/info\/transparent\/\">transparent<\/a> nach au\u00dfen zu tragen, um \u00fcber uns selbst hinaus auf oftmals prek\u00e4re Arbeitsverh\u00e4ltnisse im kulturellen Sektor hinzuweisen. Es ist unser Ziel, strukturelle Missst\u00e4nde als Organisation nicht nur zu thematisieren, sondern, etwa durch unsere institutionelle Haltung in Bezug auf <a class=\"modal-link\" href=\"https:\/\/softpower.world\/info\/verguetung\/\">Verg\u00fctung<\/a>, auch zu deren \u00dcberwindung beizutragen. In diesem sowie jeglichen anderen Zusammenh\u00e4ngen richten wir uns <a class=\"modal-link\" href=\"https:\/\/softpower.world\/info\/gegen-jegliche-form-der-diskriminierung\/\">gegen jegliche Form der Diskriminierung<\/a>, sei es strukturelle oder individuelle Ungleichbehandlung. Als Kunstverein, Ausstellungs- und Arbeitsort m\u00f6chten wir ein Umfeld gestalten, in dem ein respektvoller, gleichberechtigter und bereichernder Umgang miteinander stattfinden kann.<\/p>\n<\/div><\/div>\n\n\n\n<div id=\"kontakt-bild\" class=\"wp-block-group kontakt-bild to-front shadow-lg\"><div class=\"wp-block-group__inner-container is-layout-constrained wp-block-group-is-layout-constrained\">\n<figure class=\"wp-block-image size-full\"><noscript><img decoding=\"async\" width=\"666\" height=\"998\" src=\"https:\/\/softpower.world\/wp-content\/uploads\/2023\/03\/soft_power_ueber3.jpg\" alt class=\"wp-image-560\" title srcset=\"https:\/\/softpower.world\/wp-content\/uploads\/2023\/03\/soft_power_ueber3.jpg 666w, https:\/\/softpower.world\/wp-content\/uploads\/2023\/03\/soft_power_ueber3-200x300.jpg 200w, https:\/\/softpower.world\/wp-content\/uploads\/2023\/03\/soft_power_ueber3-8x12.jpg 8w\" sizes=\"(max-width: 666px) 100vw, 666px\"><\/noscript><img decoding=\"async\" width=\"666\" height=\"998\" src=\"data:image\/svg+xml,%3Csvg%20xmlns%3D%22http%3A%2F%2Fwww.w3.org%2F2000%2Fsvg%22%20viewBox%3D%220%200%20666%20998%22%3E%3C%2Fsvg%3E\" alt class=\"wp-image-560 lazyload\" title srcset=\"data:image\/svg+xml,%3Csvg%20xmlns%3D%22http%3A%2F%2Fwww.w3.org%2F2000%2Fsvg%22%20viewBox%3D%220%200%20666%20998%22%3E%3C%2Fsvg%3E 666w\" sizes=\"(max-width: 666px) 100vw, 666px\" data-srcset=\"https:\/\/softpower.world\/wp-content\/uploads\/2023\/03\/soft_power_ueber3.jpg 666w, https:\/\/softpower.world\/wp-content\/uploads\/2023\/03\/soft_power_ueber3-200x300.jpg 200w, https:\/\/softpower.world\/wp-content\/uploads\/2023\/03\/soft_power_ueber3-8x12.jpg 8w\" data-src=\"https:\/\/softpower.world\/wp-content\/uploads\/2023\/03\/soft_power_ueber3.jpg\" loading=\"lazy\"><\/figure>\n<\/div><\/div>\n\n\n\n<div id=\"presse\" class=\"wp-block-group col-3 p-4 bg-white presse to-front shadow-lg\"><div class=\"wp-block-group__inner-container is-layout-constrained wp-block-group-is-layout-constrained\">\n<h2 class=\"wp-block-heading pb-2\">Presse<\/h2>\n\n\n\n<p>Lena Manger, <a href=\"https:\/\/www.collide24.org\/2021\/11\/18\/art\/the-collaborative-project-space-soft-power-encourages-constructive-oppositional-and-fluid-discourses-through-art\/\" target=\"_blank\" rel=\"noreferrer noopener\">The collaborative project space \u2018soft power\u2019 encourages constructive, oppositional, and fluid discourses through art<\/a>, C24, November 2021<\/p>\n\n\n\n<p><a href=\"https:\/\/cashmereradio.com\/episode\/plusx-plusx-with-lena-platonos-and-friends-hosted-by-soft-power\/\" target=\"_blank\" rel=\"noreferrer noopener\">PlusX with Lena Platonos &amp; friends hosted by soft power<\/a>, Cashmere Radio, September 2021<\/p>\n\n\n\n<p>Immo Schneider, <a href=\"https:\/\/ceecee.cc\/en\/so-very-soft-and-so-very-strong-softpower-art-space-empfohlen-von-immo-schneider\/\" target=\"_blank\" rel=\"noreferrer noopener\">Autonomous art comes to Tempelhof<\/a>, cee cee, Oktober 2022<\/p>\n\n\n\n<p>Moses Hubbard, <a href=\"https:\/\/www.berlinartlink.com\/2022\/11\/15\/dont-panic-3hd-festival-at-soft-power\/\" target=\"_blank\" rel=\"noreferrer noopener\">\u2018Don\u2019t Panic:\u2019 3hd Festival at soft power<\/a>, Berlin Art Link, Oktober 2022<\/p>\n\n\n\n<p>Alicja Schindler, <a href=\"https:\/\/www.berliner-zeitung.de\/kultur-vergnuegen\/kunst\/plural-perspectives-im-kunstverein-berlin-tempelhof-eine-neue-version-der-siegessaeule-li.358865\" target=\"_blank\" rel=\"noreferrer noopener\">\u201ePlural Perspectives\u201c in Tempelhof: Eine neue Version der Siegess\u00e4ule<\/a>, Berliner Zeitung, Juni 2023<\/p>\n\n\n\n<p><a href=\"https:\/\/www.kaltblut-magazine.com\/all-muses-are-dead-by-donna-volta-newmen\/\" target=\"_blank\" rel=\"noreferrer noopener\">All Muses are Dead by Donna Volta Newmen<\/a>, Kaltblut Magazine, Juli 2023<\/p>\n\n\n\n<p>Laura Helena Wurth,&nbsp;<a class href=\"https:\/\/www.deutschlandfunkkultur.de\/das-atelierhaus-teilestrasse-dlf-kultur-2a8b1bac-100.html\" target=\"_blank\" rel=\"noopener\">Das Atelierhaus Teilestrasse<\/a>, Deutschlandfunk Kultur, Dezember 2023&nbsp;<\/p>\n<\/div><\/div>\n\n\n\n<div id=\"presse-bild\" class=\"wp-block-group presse-bild to-front shadow-lg\"><div class=\"wp-block-group__inner-container is-layout-constrained wp-block-group-is-layout-constrained\">\n<figure class=\"wp-block-image size-large\"><noscript><img decoding=\"async\" width=\"681\" height=\"1024\" src=\"https:\/\/softpower.world\/wp-content\/uploads\/2023\/03\/soft_power_ueber2-681x1024.jpg\" alt class=\"wp-image-548\" title srcset=\"https:\/\/softpower.world\/wp-content\/uploads\/2023\/03\/soft_power_ueber2-681x1024.jpg 681w, https:\/\/softpower.world\/wp-content\/uploads\/2023\/03\/soft_power_ueber2-200x300.jpg 200w, https:\/\/softpower.world\/wp-content\/uploads\/2023\/03\/soft_power_ueber2-768x1154.jpg 768w, https:\/\/softpower.world\/wp-content\/uploads\/2023\/03\/soft_power_ueber2-8x12.jpg 8w, https:\/\/softpower.world\/wp-content\/uploads\/2023\/03\/soft_power_ueber2.jpg 1018w\" sizes=\"(max-width: 681px) 100vw, 681px\"><\/noscript><img decoding=\"async\" width=\"681\" height=\"1024\" src=\"data:image\/svg+xml,%3Csvg%20xmlns%3D%22http%3A%2F%2Fwww.w3.org%2F2000%2Fsvg%22%20viewBox%3D%220%200%20681%201024%22%3E%3C%2Fsvg%3E\" alt class=\"wp-image-548 lazyload\" title srcset=\"data:image\/svg+xml,%3Csvg%20xmlns%3D%22http%3A%2F%2Fwww.w3.org%2F2000%2Fsvg%22%20viewBox%3D%220%200%20681%201024%22%3E%3C%2Fsvg%3E 681w\" sizes=\"(max-width: 681px) 100vw, 681px\" data-srcset=\"https:\/\/softpower.world\/wp-content\/uploads\/2023\/03\/soft_power_ueber2-681x1024.jpg 681w, https:\/\/softpower.world\/wp-content\/uploads\/2023\/03\/soft_power_ueber2-200x300.jpg 200w, https:\/\/softpower.world\/wp-content\/uploads\/2023\/03\/soft_power_ueber2-768x1154.jpg 768w, https:\/\/softpower.world\/wp-content\/uploads\/2023\/03\/soft_power_ueber2-8x12.jpg 8w, https:\/\/softpower.world\/wp-content\/uploads\/2023\/03\/soft_power_ueber2.jpg 1018w\" data-src=\"https:\/\/softpower.world\/wp-content\/uploads\/2023\/03\/soft_power_ueber2-681x1024.jpg\" loading=\"lazy\"><\/figure>\n<\/div><\/div>\n\n\n\n<div id=\"raum\" class=\"wp-block-group col-4 p-4 bg-white raum to-front shadow-lg\"><div class=\"wp-block-group__inner-container is-layout-constrained wp-block-group-is-layout-constrained\">\n<h2 class=\"wp-block-heading pb-2\">Accessibility<\/h2>\n\n\n\n<p>Kein rollstuhlgerechter Zugang:<br><em>soft power<\/em> befindet sich im Souterrain (Treppe mit 3 Stufen ohne Gel\u00e4nder\/Handlauf) eines Wohnhauses in der F\u00fcrbringerstra\u00dfe in Berlin-Kreuzberg. Der Raum ist derzeit nicht rollstuhlgerecht. Wir pr\u00fcfen M\u00f6glichkeiten, dies in Zukunft zu \u00e4ndern.<\/p>\n\n\n\n<p>Genderneutrale Toilette:<br>Es steht eine genderneutrale Toilette zur Verf\u00fcgung (nicht rollstuhlgerecht).<\/p>\n\n\n\n<p>Sitzgelegenheiten:<br>Im Raum stehen Hocker und (bei Bedarf) St\u00fchle mit R\u00fcckenlehne zur Verf\u00fcgung.<\/p>\n\n\n\n<p>Neurodiversit\u00e4t:<br>Wir m\u00f6chten ein m\u00f6glichst inklusives Erlebnis und einen angenehmen Besuch f\u00fcr unterschiedliche Bed\u00fcrfnisse bieten. Im hinteren Bereich der R\u00e4umlichkeiten befindet sich ein separater, ruhigerer Raum, in den ihr euch gerne zur\u00fcckziehen k\u00f6nnt, wenn gro\u00dfe Menschenmengen eine Herausforderung darstellen.&nbsp;<\/p>\n\n\n\n<p>Veranstaltungsspezifische Accessibility-Informationen:&nbsp;<br>F\u00fcr jede Ausstellung, jedes Projekt oder jede Veranstaltung werden auf unserer Website (siehe &#8222;Programm&#8220;) weitere Accessibility-Informationen bereitgestellt, die Details zur Sprache der jeweiligen Veranstaltung, zur Verf\u00fcgbarkeit von Geb\u00e4rdensprachdolmetscher*innen oder zur Vorank\u00fcndigung von lauten Ger\u00e4uschen, hellem Licht oder starken Ger\u00fcchen enthalten.<\/p>\n\n\n\n<p>Wenn ihr detailliertere Informationen m\u00f6chtet oder uns vor eurem Besuch spezifische Bed\u00fcrfnisse mitteilen m\u00f6chtet, k\u00f6nnt ihr euch gerne unter hello@softpower.world an uns wenden.<\/p>\n<\/div><\/div>\n\n\n\n<div id=\"foerderer\" class=\"wp-block-group col-3 p-4 bg-white foerderer to-front shadow-lg\"><div class=\"wp-block-group__inner-container is-layout-constrained wp-block-group-is-layout-constrained\">\n<h2 class=\"wp-block-heading pb-5\">F\u00f6rderung<\/h2>\n\n\n\n<figure class=\"wp-block-gallery has-nested-images columns-default is-cropped wp-block-gallery-1 is-layout-flex wp-block-gallery-is-layout-flex\">\n<figure class=\"wp-block-image size-large\"><noscript><img decoding=\"async\" width=\"385\" height=\"1024\" data-id=\"2563\" src=\"https:\/\/softpower.world\/wp-content\/uploads\/2025\/04\/2025_04_24_LOGOS_WEBSITE_SOFT-POWER-385x1024.png\" alt class=\"wp-image-2563\" title srcset=\"https:\/\/softpower.world\/wp-content\/uploads\/2025\/04\/2025_04_24_LOGOS_WEBSITE_SOFT-POWER-385x1024.png 385w, https:\/\/softpower.world\/wp-content\/uploads\/2025\/04\/2025_04_24_LOGOS_WEBSITE_SOFT-POWER-113x300.png 113w, https:\/\/softpower.world\/wp-content\/uploads\/2025\/04\/2025_04_24_LOGOS_WEBSITE_SOFT-POWER-768x2041.png 768w, https:\/\/softpower.world\/wp-content\/uploads\/2025\/04\/2025_04_24_LOGOS_WEBSITE_SOFT-POWER-578x1536.png 578w, https:\/\/softpower.world\/wp-content\/uploads\/2025\/04\/2025_04_24_LOGOS_WEBSITE_SOFT-POWER-771x2048.png 771w, https:\/\/softpower.world\/wp-content\/uploads\/2025\/04\/2025_04_24_LOGOS_WEBSITE_SOFT-POWER-5x12.png 5w, https:\/\/softpower.world\/wp-content\/uploads\/2025\/04\/2025_04_24_LOGOS_WEBSITE_SOFT-POWER-scaled.png 963w\" sizes=\"(max-width: 385px) 100vw, 385px\"><\/noscript><img decoding=\"async\" width=\"385\" height=\"1024\" data-id=\"2563\" src=\"data:image\/svg+xml,%3Csvg%20xmlns%3D%22http%3A%2F%2Fwww.w3.org%2F2000%2Fsvg%22%20viewBox%3D%220%200%20385%201024%22%3E%3C%2Fsvg%3E\" alt class=\"wp-image-2563 lazyload\" title srcset=\"data:image\/svg+xml,%3Csvg%20xmlns%3D%22http%3A%2F%2Fwww.w3.org%2F2000%2Fsvg%22%20viewBox%3D%220%200%20385%201024%22%3E%3C%2Fsvg%3E 385w\" sizes=\"(max-width: 385px) 100vw, 385px\" data-srcset=\"https:\/\/softpower.world\/wp-content\/uploads\/2025\/04\/2025_04_24_LOGOS_WEBSITE_SOFT-POWER-385x1024.png 385w, https:\/\/softpower.world\/wp-content\/uploads\/2025\/04\/2025_04_24_LOGOS_WEBSITE_SOFT-POWER-113x300.png 113w, https:\/\/softpower.world\/wp-content\/uploads\/2025\/04\/2025_04_24_LOGOS_WEBSITE_SOFT-POWER-768x2041.png 768w, https:\/\/softpower.world\/wp-content\/uploads\/2025\/04\/2025_04_24_LOGOS_WEBSITE_SOFT-POWER-578x1536.png 578w, https:\/\/softpower.world\/wp-content\/uploads\/2025\/04\/2025_04_24_LOGOS_WEBSITE_SOFT-POWER-771x2048.png 771w, https:\/\/softpower.world\/wp-content\/uploads\/2025\/04\/2025_04_24_LOGOS_WEBSITE_SOFT-POWER-5x12.png 5w, https:\/\/softpower.world\/wp-content\/uploads\/2025\/04\/2025_04_24_LOGOS_WEBSITE_SOFT-POWER-scaled.png 963w\" data-src=\"https:\/\/softpower.world\/wp-content\/uploads\/2025\/04\/2025_04_24_LOGOS_WEBSITE_SOFT-POWER-385x1024.png\" loading=\"lazy\"><\/figure>\n<\/figure>\n<\/div><\/div>\n\n\n\n<div id=\"kontakt\" class=\"wp-block-group col-3 p-4 bg-white kontakt to-front shadow-lg\"><div class=\"wp-block-group__inner-container is-layout-constrained wp-block-group-is-layout-constrained\">\n<h2 class=\"wp-block-heading pb-2\">Kontakt<\/h2>\n\n\n\n<p>soft power e.V.<br>F\u00fcrbringerstr. 11<br>10961 Berlin<\/p>\n\n\n\n<p><a rel=\"noreferrer noopener\" href=\"mailto:hello@softpower.world\" target=\"_blank\">hello@softpower.world<\/a> <br><a href=\"https:\/\/www.instagram.com\/softpowerverysoft\/?hl=en\" data-type=\"URL\" data-id=\"https:\/\/www.instagram.com\/softpowerverysoft\/?hl=en\" target=\"_blank\" rel=\"noreferrer noopener\">@softpowerverysoft<\/a><\/p>\n<\/div><\/div>\n\n\n\n<div class=\"wp-block-group information-footer has-background\" style=\"background-color:#ffffff00\"><div class=\"wp-block-group__inner-container is-layout-constrained wp-block-group-is-layout-constrained\">\n<footer class=\"wp-block-group alignfull footer\" style=\"padding-top:var(--wp--preset--spacing--50);padding-right:var(--wp--preset--spacing--40);padding-bottom:var(--wp--preset--spacing--50);padding-left:var(--wp--preset--spacing--40)\"><div class=\"wp-block-group__inner-container is-layout-constrained wp-container-core-group-is-layout-141b4844 wp-block-group-is-layout-constrained\">\n<div class=\"wp-block-group alignwide is-content-justification-center is-layout-flex wp-container-core-group-is-layout-5590e8cb wp-block-group-is-layout-flex\" id=\"footermenu\">\n<p class=\"px-2\">\u00a9 soft power<\/p>\n\n\n\n<div class=\"px-2\" onclick=\"pageDetails('832');\">AGB<\/div>\n\n<div class=\"px-2\" onclick=\"pageDetails('834');\">Datenschutz<\/div>\n\n<div class=\"px-2\" onclick=\"pageDetails('842');\">Impressum<\/div>\n\n<div class=\"px-2\" onclick=\"newsletterinitModal.toggle();\">Newsletter<\/div>\n\n<div class=\"px-2\"><a href=\"https:\/\/www.instagram.com\/softpowerverysoft\/\" target=\"_blank\" rel=\"noreferrer noopener\">Instagram<\/a><\/div>\n<\/div>\n<\/div><\/footer>\n<\/div><\/div>\n<\/div>","protected":false},"excerpt":{"rendered":"<p>\u00dcber soft power soft power ist ein Kunstverein und Ort f\u00fcr nicht-kommerzielle k\u00fcnstlerische Projekte. Konzeptuell eignet sich soft power einen politischen Begriff an, der den Einfluss von Kultur und Kunst (als sogenanntes \u201eweiches\u201c Kapital) auf Politik und Wirtschaft beschreibt und benutzt. Das laufende Programm ist geleitet von der Fragestellung, wie dieser Begriff produktiv unterwandert, herausgefordert<\/p>\n","protected":false},"author":1,"featured_media":0,"parent":0,"menu_order":0,"comment_status":"closed","ping_status":"closed","template":"page-templates\/about.php","meta":{"_acf_changed":false,"footnotes":""},"class_list":["post-156","page","type-page","status-publish","hentry"],"acf":[],"_links":{"self":[{"href":"https:\/\/softpower.world\/de\/wp-json\/wp\/v2\/pages\/156","targetHints":{"allow":["GET"]}}],"collection":[{"href":"https:\/\/softpower.world\/de\/wp-json\/wp\/v2\/pages"}],"about":[{"href":"https:\/\/softpower.world\/de\/wp-json\/wp\/v2\/types\/page"}],"author":[{"embeddable":true,"href":"https:\/\/softpower.world\/de\/wp-json\/wp\/v2\/users\/1"}],"replies":[{"embeddable":true,"href":"https:\/\/softpower.world\/de\/wp-json\/wp\/v2\/comments?post=156"}],"version-history":[{"count":53,"href":"https:\/\/softpower.world\/de\/wp-json\/wp\/v2\/pages\/156\/revisions"}],"predecessor-version":[{"id":3059,"href":"https:\/\/softpower.world\/de\/wp-json\/wp\/v2\/pages\/156\/revisions\/3059"}],"wp:attachment":[{"href":"https:\/\/softpower.world\/de\/wp-json\/wp\/v2\/media?parent=156"}],"curies":[{"name":"wp","href":"https:\/\/api.w.org\/{rel}","templated":true}]}}